{"id":522,"date":"2024-11-21T21:03:27","date_gmt":"2024-11-21T20:03:27","guid":{"rendered":"https:\/\/fotogruppewesel.hobby-site.com\/ubecker\/?page_id=522"},"modified":"2024-12-06T00:26:22","modified_gmt":"2024-12-05T23:26:22","slug":"filter","status":"publish","type":"page","link":"https:\/\/fotogruppewesel.hobby-site.com\/ubecker\/ub\/fotografie\/filter\/","title":{"rendered":"Filter"},"content":{"rendered":"\n<div class=\"wp-block-group alignfull\"><div class=\"wp-block-group__inner-container is-layout-flow wp-block-group-is-layout-flow\">\n<h2 class=\"wp-block-heading alignwide\" id=\"we-re-a-studio-in-berlin-with-an-international-practice-in-architecture-urban-planning-and-interior-design-we-believe-in-sharing-knowledge-and-promoting-dialogue-to-increase-the-creative-potential-of-collaboration\" style=\"font-size:22px;line-height:1.1\">Allgemeines<\/h2>\n\n\n\n<p class=\"tw-text-wide has-normal-font-size\" style=\"padding-top:0;padding-bottom:0;line-height:1.5\">Filter ist ein weites Thema. Braucht man oder braucht man nicht ist die Frage. Aus meinen Erfahrungen habe ich f\u00fcr mich beschlossen JEIN. Und wenn schon ja dann nicht am Filter sparen, es ist ein Teil was in der optischen Achse zum Sensor liegt. Es gibt keine Filter f\u00fcr kleines Geld. Wichtig ist die Verg\u00fctung des Glases.<\/p>\n\n\n\n<p class=\"tw-text-wide has-normal-font-size\" style=\"line-height:1.5\">Es gibt optische Gr\u00fcnde die sich nicht oder nur eingeschr\u00e4nkt durch Software l\u00f6sen lassen. Au\u00dferdem liebe ich es ein Foto so zu erstellen das kaum eine Nachbearbeitung notwendig ist.<\/p>\n<\/div><\/div>\n\n\n\n<div class=\"wp-block-group alignfull\"><div class=\"wp-block-group__inner-container is-layout-flow wp-block-group-is-layout-flow\">\n<h2 class=\"wp-block-heading alignwide\" id=\"we-re-a-studio-in-berlin-with-an-international-practice-in-architecture-urban-planning-and-interior-design-we-believe-in-sharing-knowledge-and-promoting-dialogue-to-increase-the-creative-potential-of-collaboration\" style=\"font-size:22px;line-height:1.1\"><strong>Graufilter, Neutraldichtefilter, Grauverlaufsfilter, ND Filter<\/strong><\/h2>\n\n\n\n<p class=\"tw-text-wide has-normal-font-size\" style=\"line-height:1.5\">Beschreiben eigentlich alles das Gleiche. Mich \u00e4rgert es immer wenn ich die Bezeichnungen der Hersteller sehe.                                                 Beispiel: ND0.9 ; ND8; 3Stop \u2013 Bezeichnen immer die gleiche Dichte.<\/p>\n\n\n\n<figure class=\"wp-block-table is-style-stripes has-small-font-size\" style=\"padding-top:0;padding-bottom:0\"><table class=\"has-fixed-layout\"><tbody><tr><td>Blenden<\/td><td>Bezeichnung1<\/td><td>Bezeichnung2<\/td><\/tr><tr><td>1<\/td><td>ND 0.3<\/td><td>ND2<\/td><\/tr><tr><td>2<\/td><td>ND 0.6<\/td><td>ND4<\/td><\/tr><tr><td>3<\/td><td>ND 0.9<\/td><td>ND8<\/td><\/tr><tr><td>4<\/td><td>ND 1.2<\/td><td>ND16<\/td><\/tr><tr><td>5<\/td><td>ND 1.5<\/td><td>ND32<\/td><\/tr><tr><td>6<\/td><td>ND 1.8<\/td><td>ND64<\/td><\/tr><tr><td>7<\/td><td>ND2.1<\/td><td>ND128<\/td><\/tr><tr><td>8<\/td><td>ND2.4<\/td><td>ND256<\/td><\/tr><tr><td>9<\/td><td>ND2.7<\/td><td>ND512<\/td><\/tr><tr><td>10<\/td><td>ND3.0<\/td><td>ND1000<\/td><\/tr><tr><td>11<\/td><td>ND3.3<\/td><td>ND2048<\/td><\/tr><tr><td>12<\/td><td>ND3.6<\/td><td>ND4096<\/td><\/tr><\/tbody><\/table><figcaption class=\"wp-element-caption\">Ein guter Hersteller gibt auch die Transmissionskurven dazu an. Beispiel B+W<\/figcaption><\/figure>\n<\/div><\/div>\n\n\n\n<figure class=\"wp-block-image size-full\"><img loading=\"lazy\" width=\"572\" height=\"459\" src=\"https:\/\/fotogruppewesel.hobby-site.com\/ubecker\/wp-content\/uploads\/2024\/11\/image.png\" alt=\"\" class=\"wp-image-523\" srcset=\"https:\/\/fotogruppewesel.hobby-site.com\/ubecker\/wp-content\/uploads\/2024\/11\/image.png 572w, https:\/\/fotogruppewesel.hobby-site.com\/ubecker\/wp-content\/uploads\/2024\/11\/image-300x241.png 300w\" sizes=\"auto, (max-width: 572px) 100vw, 572px\" \/><\/figure>\n\n\n\n<div class=\"wp-block-group alignfull\"><div class=\"wp-block-group__inner-container is-layout-flow wp-block-group-is-layout-flow\">\n<h2 class=\"wp-block-heading alignwide\" id=\"we-re-a-studio-in-berlin-with-an-international-practice-in-architecture-urban-planning-and-interior-design-we-believe-in-sharing-knowledge-and-promoting-dialogue-to-increase-the-creative-potential-of-collaboration\" style=\"font-size:22px;line-height:1.1\"><strong>Grauverlaufsfilter<\/strong><\/h2>\n\n\n\n<p class=\"tw-text-wide has-normal-font-size\" style=\"line-height:1.5\"><strong>Grauverlaufsfilter <\/strong>sind eine Besonderheit. Diese haben einen Verlauf von hell nach dunkel oder auch \u201ereverse\u201c hell \u2013 dunkel \u2013 hell. F\u00fcr diese Filter hab ich mich f\u00fcr das System 100 der Fa. Lee entschieden. Das sind keine Schraubfilter sondern Steckfilter die man einschieben kann. (Hell-dunkel Grenze liegt nun mal nicht immer in der Mitte)<\/p>\n<\/div><\/div>\n\n\n\n<div class=\"wp-block-group alignfull\"><div class=\"wp-block-group__inner-container is-layout-flow wp-block-group-is-layout-flow\">\n<div class=\"wp-block-media-text alignwide is-stacked-on-mobile tw-stack-md\"><figure class=\"wp-block-media-text__media\"><img loading=\"lazy\" width=\"1024\" height=\"684\" src=\"https:\/\/fotogruppewesel.hobby-site.com\/ubecker\/wp-content\/uploads\/2024\/11\/Ostsee-1024x684.jpg\" alt=\"\" class=\"wp-image-473 size-full\" srcset=\"https:\/\/fotogruppewesel.hobby-site.com\/ubecker\/wp-content\/uploads\/2024\/11\/Ostsee-1024x684.jpg 1024w, https:\/\/fotogruppewesel.hobby-site.com\/ubecker\/wp-content\/uploads\/2024\/11\/Ostsee-300x200.jpg 300w, https:\/\/fotogruppewesel.hobby-site.com\/ubecker\/wp-content\/uploads\/2024\/11\/Ostsee-768x513.jpg 768w, https:\/\/fotogruppewesel.hobby-site.com\/ubecker\/wp-content\/uploads\/2024\/11\/Ostsee-1536x1025.jpg 1536w, https:\/\/fotogruppewesel.hobby-site.com\/ubecker\/wp-content\/uploads\/2024\/11\/Ostsee-1200x801.jpg 1200w, https:\/\/fotogruppewesel.hobby-site.com\/ubecker\/wp-content\/uploads\/2024\/11\/Ostsee-1980x1322.jpg 1980w, https:\/\/fotogruppewesel.hobby-site.com\/ubecker\/wp-content\/uploads\/2024\/11\/Ostsee.jpg 2000w\" sizes=\"auto, (max-width: 1024px) 100vw, 1024px\" \/><\/figure><div class=\"wp-block-media-text__content\">\n<h2 class=\"wp-block-heading has-large-font-size\">Beispielfoto<\/h2>\n\n\n\n<p>Steeg bei K\u00fchlungsborn Ostsee. Hier ist kaum etwas aufgehellt oder abgedunkelt in der Nachbearbeitung. H\u00e4tte auch schon als JPG aus der Kamera so ausgesehen. (nur mache ich keine JPG in der Kamera).<\/p>\n<\/div><\/div>\n\n\n\n<div class=\"wp-block-media-text alignwide has-media-on-the-right is-stacked-on-mobile tw-stack-md\"><div class=\"wp-block-media-text__content\">\n<h2 class=\"wp-block-heading has-large-font-size\">making of<\/h2>\n\n\n\n<p>Man sieht das es noch recht hell war. Zum Einsatz kamen mehrere Filterscheiben Grauverkauf und reverse Grauverlauf. Entsprechend eingeschoben und gedreht.<\/p>\n<\/div><figure class=\"wp-block-media-text__media\"><img loading=\"lazy\" width=\"1024\" height=\"1024\" src=\"https:\/\/fotogruppewesel.hobby-site.com\/ubecker\/wp-content\/uploads\/2024\/11\/Ostsee-making-of-1024x1024.jpg\" alt=\"\" class=\"wp-image-474 size-full\" srcset=\"https:\/\/fotogruppewesel.hobby-site.com\/ubecker\/wp-content\/uploads\/2024\/11\/Ostsee-making-of-1024x1024.jpg 1024w, https:\/\/fotogruppewesel.hobby-site.com\/ubecker\/wp-content\/uploads\/2024\/11\/Ostsee-making-of-300x300.jpg 300w, https:\/\/fotogruppewesel.hobby-site.com\/ubecker\/wp-content\/uploads\/2024\/11\/Ostsee-making-of-150x150.jpg 150w, https:\/\/fotogruppewesel.hobby-site.com\/ubecker\/wp-content\/uploads\/2024\/11\/Ostsee-making-of-768x768.jpg 768w, https:\/\/fotogruppewesel.hobby-site.com\/ubecker\/wp-content\/uploads\/2024\/11\/Ostsee-making-of-1536x1536.jpg 1536w, https:\/\/fotogruppewesel.hobby-site.com\/ubecker\/wp-content\/uploads\/2024\/11\/Ostsee-making-of-1200x1200.jpg 1200w, https:\/\/fotogruppewesel.hobby-site.com\/ubecker\/wp-content\/uploads\/2024\/11\/Ostsee-making-of-1980x1980.jpg 1980w, https:\/\/fotogruppewesel.hobby-site.com\/ubecker\/wp-content\/uploads\/2024\/11\/Ostsee-making-of.jpg 2048w\" sizes=\"auto, (max-width: 1024px) 100vw, 1024px\" \/><\/figure><\/div>\n<\/div><\/div>\n\n\n\n<div class=\"wp-block-group alignfull\"><div class=\"wp-block-group__inner-container is-layout-flow wp-block-group-is-layout-flow\">\n<h2 class=\"wp-block-heading alignwide\" id=\"we-re-a-studio-in-berlin-with-an-international-practice-in-architecture-urban-planning-and-interior-design-we-believe-in-sharing-knowledge-and-promoting-dialogue-to-increase-the-creative-potential-of-collaboration\" style=\"font-size:22px;line-height:1.1\">Polfilter<\/h2>\n\n\n\n<p class=\"tw-text-wide has-normal-font-size\" style=\"line-height:1.5\">Auch hier gilt: keinen \u201ebilligen\u201c verwenden. Das Beste ist gerade gut genug. Zum Beispiel: B+W XS-Pro Digital HTC Zirkular Pol K\u00e4semann MRC nano. Zum Thema wie funktioniert ein Polfilter gibt es viele interessante Seiten im Netz so das ich da nicht weiter eingehe.<\/p>\n\n\n\n<p class=\"has-small-font-size\"><a href=\"https:\/\/schneiderkreuznach.com\/application\/files\/8215\/7017\/9265\/B_W_Physikalischer_Hintergrund_Polarisation_de_V2.02008_info.pdf\">B W_Filter_Info_Polarisation_physikalischer_Hintergrund_de<\/a><\/p>\n\n\n\n<p>Auch das ist gut beschrieben<\/p>\n\n\n\n<p class=\"has-small-font-size\"><a href=\"https:\/\/kasefilters.de\/blog\/polfilter-zirkular-oder-linear\">Zirkularer oder Linearer Polfilter: Was ist der Unterschied?<\/a><\/p>\n\n\n\n<p class=\"has-small-font-size\"><a href=\"https:\/\/fotovideotec.de\/polfilter\/index09.html\">Polarisationsfilter &#8211; Mythos und Praxis<\/a><\/p>\n<\/div><\/div>\n\n\n\n<div class=\"wp-block-group alignfull\"><div class=\"wp-block-group__inner-container is-layout-flow wp-block-group-is-layout-flow\">\n<h2 class=\"wp-block-heading alignwide\" id=\"we-re-a-studio-in-berlin-with-an-international-practice-in-architecture-urban-planning-and-interior-design-we-believe-in-sharing-knowledge-and-promoting-dialogue-to-increase-the-creative-potential-of-collaboration\" style=\"font-size:22px;line-height:1.1\">Spezialfilter<\/h2>\n\n\n\n<p class=\"tw-text-wide\" style=\"line-height:1.5\"><strong>Optische Bandpassfiler, Langpassfilter, Kurzpassfilter, Notchfilter, <\/strong><\/p>\n\n\n\n<p class=\"tw-text-wide has-normal-font-size\" style=\"line-height:1.5\">zu diesem Thema bin ich gekommen, da ich durch Zufall von Filter gegen Lichtverschmutzung gelesen habe. Was muss man sich darunter vorstellen habe ich mich gefragt. &nbsp;Hierzu fiel mir dann diese Seite auf: <a href=\"https:\/\/www.astronomik.com\/de\/filter-gegen-lichtverschmtzung-filters-against-lightpollution-lpr\/cls-ccd-filter.html\">Astronomik CLS CCD-Filter<\/a><\/p>\n\n\n\n<p class=\"tw-text-wide has-normal-font-size\" style=\"line-height:1.5\">Zuerst mal was sehen wir und was ist Lichtverschmutzung.<\/p>\n<\/div><\/div>\n\n\n\n<figure class=\"wp-block-image alignwide size-full\"><img loading=\"lazy\" width=\"945\" height=\"290\" src=\"https:\/\/fotogruppewesel.hobby-site.com\/ubecker\/wp-content\/uploads\/2024\/11\/image-3.png\" alt=\"\" class=\"wp-image-531\" srcset=\"https:\/\/fotogruppewesel.hobby-site.com\/ubecker\/wp-content\/uploads\/2024\/11\/image-3.png 945w, https:\/\/fotogruppewesel.hobby-site.com\/ubecker\/wp-content\/uploads\/2024\/11\/image-3-300x92.png 300w, https:\/\/fotogruppewesel.hobby-site.com\/ubecker\/wp-content\/uploads\/2024\/11\/image-3-768x236.png 768w\" sizes=\"auto, (max-width: 945px) 100vw, 945px\" \/><\/figure>\n\n\n\n<div class=\"wp-block-group alignfull\"><div class=\"wp-block-group__inner-container is-layout-flow wp-block-group-is-layout-flow\">\n<div class=\"wp-block-media-text alignwide is-stacked-on-mobile tw-stack-md\"><figure class=\"wp-block-media-text__media\"><img loading=\"lazy\" width=\"936\" height=\"688\" src=\"https:\/\/fotogruppewesel.hobby-site.com\/ubecker\/wp-content\/uploads\/2024\/11\/image-4.png\" alt=\"\" class=\"wp-image-532 size-full\" srcset=\"https:\/\/fotogruppewesel.hobby-site.com\/ubecker\/wp-content\/uploads\/2024\/11\/image-4.png 936w, https:\/\/fotogruppewesel.hobby-site.com\/ubecker\/wp-content\/uploads\/2024\/11\/image-4-300x221.png 300w, https:\/\/fotogruppewesel.hobby-site.com\/ubecker\/wp-content\/uploads\/2024\/11\/image-4-768x565.png 768w\" sizes=\"auto, (max-width: 936px) 100vw, 936px\" \/><\/figure><div class=\"wp-block-media-text__content\">\n<h2 class=\"wp-block-heading\"><\/h2>\n\n\n\n<p>Was st\u00f6rt ist der Bereich von ca. 540nm bis 620nm. Hier liegen Stra\u00dfenbeleuchtung und Reklame. Quecksilberdampf, Natriumdampf. (Orange Peaks) Im Bereich um 500nm sind Sauerstoff Ionen und um 650nm Wasserstoff Ionen. Diese sind gewollt wobei Wasserstoff rot leuchtet und Sauerstoff gr\u00fcn.<\/p>\n\n\n\n<p>Also ein Bandpassfilter der nur bestimmte Bereiche durchl\u00e4sst.<\/p>\n<\/div><\/div>\n<\/div><\/div>\n\n\n\n<div class=\"wp-block-group alignfull\"><div class=\"wp-block-group__inner-container is-layout-flow wp-block-group-is-layout-flow\">\n<div class=\"wp-block-media-text alignwide is-stacked-on-mobile tw-stack-md\" style=\"grid-template-columns:62% auto\"><figure class=\"wp-block-media-text__media\"><img loading=\"lazy\" width=\"945\" height=\"632\" src=\"https:\/\/fotogruppewesel.hobby-site.com\/ubecker\/wp-content\/uploads\/2024\/11\/image-5.png\" alt=\"\" class=\"wp-image-535 size-full\" srcset=\"https:\/\/fotogruppewesel.hobby-site.com\/ubecker\/wp-content\/uploads\/2024\/11\/image-5.png 945w, https:\/\/fotogruppewesel.hobby-site.com\/ubecker\/wp-content\/uploads\/2024\/11\/image-5-300x201.png 300w, https:\/\/fotogruppewesel.hobby-site.com\/ubecker\/wp-content\/uploads\/2024\/11\/image-5-768x514.png 768w\" sizes=\"auto, (max-width: 945px) 100vw, 945px\" \/><\/figure><div class=\"wp-block-media-text__content\">\n<h2 class=\"wp-block-heading\"><\/h2>\n\n\n\n<p>Ist aber sehr teuer und f\u00fcr mich als Fotoamateur kaum bezahlbar. (mal sehen) Dieser Filter l\u00e4sst nur die gewollten Frequenzen durch.<\/p>\n\n\n\n<p>Jedenfalls kann ich sagen das ein 100\u20ac Filter, wie er schon angeboten wurde, das wohl nicht leisten kann. Man sollte immer die Transmissionskurven anfordern und beachten.<\/p>\n\n\n\n<p>Auf der Seite von <a href=\"Astronomik%20CLS%20CCD-Filter\">Astronomik<\/a> kann man die Technischen Details lesen. Hier gibt es eine gro\u00dfe Auswahl dieser speziellen Filter.<\/p>\n<\/div><\/div>\n\n\n\n<div class=\"wp-block-media-text alignwide is-stacked-on-mobile tw-stack-md\" style=\"grid-template-columns:62% auto\"><figure class=\"wp-block-media-text__media\"><img loading=\"lazy\" width=\"1024\" height=\"683\" src=\"https:\/\/fotogruppewesel.hobby-site.com\/ubecker\/wp-content\/uploads\/2024\/11\/Udo2-1024x683.jpg\" alt=\"\" class=\"wp-image-414 size-full\" srcset=\"https:\/\/fotogruppewesel.hobby-site.com\/ubecker\/wp-content\/uploads\/2024\/11\/Udo2-1024x683.jpg 1024w, https:\/\/fotogruppewesel.hobby-site.com\/ubecker\/wp-content\/uploads\/2024\/11\/Udo2-300x200.jpg 300w, https:\/\/fotogruppewesel.hobby-site.com\/ubecker\/wp-content\/uploads\/2024\/11\/Udo2-768x512.jpg 768w, https:\/\/fotogruppewesel.hobby-site.com\/ubecker\/wp-content\/uploads\/2024\/11\/Udo2-1536x1024.jpg 1536w, https:\/\/fotogruppewesel.hobby-site.com\/ubecker\/wp-content\/uploads\/2024\/11\/Udo2-2048x1365.jpg 2048w, https:\/\/fotogruppewesel.hobby-site.com\/ubecker\/wp-content\/uploads\/2024\/11\/Udo2-1200x800.jpg 1200w, https:\/\/fotogruppewesel.hobby-site.com\/ubecker\/wp-content\/uploads\/2024\/11\/Udo2-1980x1320.jpg 1980w\" sizes=\"auto, (max-width: 1024px) 100vw, 1024px\" \/><\/figure><div class=\"wp-block-media-text__content\">\n<h2 class=\"wp-block-heading\"><\/h2>\n\n\n\n<p class=\"has-normal-font-size\">Aufgenommen in der W\u00fcste bei Abu Dhabi <\/p>\n\n\n\n<p>20mm Objektiv mit Blende 1,8; ISO1600 ; 10s Stack aus 40Bildern.<\/p>\n\n\n\n<p>Selbst hier zeigt sich Lichtveschutzung am Horizont<\/p>\n<\/div><\/div>\n<\/div><\/div>\n\n\n\n<div class=\"wp-block-group alignfull\"><div class=\"wp-block-group__inner-container is-layout-flow wp-block-group-is-layout-flow\">\n<h2 class=\"wp-block-heading alignwide\" id=\"we-re-a-studio-in-berlin-with-an-international-practice-in-architecture-urban-planning-and-interior-design-we-believe-in-sharing-knowledge-and-promoting-dialogue-to-increase-the-creative-potential-of-collaboration\" style=\"font-size:22px;line-height:1.1\"><strong>\u00dcberfl\u00fcssige Filter<\/strong><\/h2>\n\n\n\n<p class=\"tw-text-wide has-h-5-font-size\" style=\"line-height:1.5\"><strong>Skylight Filter und UV Filter<\/strong><\/p>\n\n\n\n<p class=\"tw-text-wide has-normal-font-size\" style=\"line-height:1.5\">In der heutigen Zeit sind einige Filter \u00fcberfl\u00fcssig geworden. Dazu z\u00e4hlen Skylight Filter und UV Filter. Diese werden auch als Schutzfilter benannt. Sinn machen diese Filter nur dort wo ich auch eine Schutzbrille tragen sollte oder muss. (Sandsturm, Salznebel usw.) Sonst schaden diese mehr als n\u00fctzen. Wenn schon dann geh\u00e4rtete Glas mit hoher optischer Verg\u00fctung. Ein einfaches Glas erzeugt Reflexionen.<\/p>\n\n\n\n<p class=\"tw-text-wide has-normal-font-size\" style=\"line-height:1.5\">Weiter Filter sind Farbfilter, diese werden heute fast ausschlie\u00dflich durch Software ersetzt. <\/p>\n\n\n\n<p><\/p>\n<\/div><\/div>\n\n\n\n<div class=\"wp-block-group alignfull\"><div class=\"wp-block-group__inner-container is-layout-flow wp-block-group-is-layout-flow\">\n<div class=\"wp-block-media-text alignwide is-stacked-on-mobile tw-stack-md\"><figure class=\"wp-block-media-text__media\"><img loading=\"lazy\" width=\"945\" height=\"377\" src=\"https:\/\/fotogruppewesel.hobby-site.com\/ubecker\/wp-content\/uploads\/2024\/11\/image-6.png\" alt=\"\" class=\"wp-image-536 size-full\" srcset=\"https:\/\/fotogruppewesel.hobby-site.com\/ubecker\/wp-content\/uploads\/2024\/11\/image-6.png 945w, https:\/\/fotogruppewesel.hobby-site.com\/ubecker\/wp-content\/uploads\/2024\/11\/image-6-300x120.png 300w, https:\/\/fotogruppewesel.hobby-site.com\/ubecker\/wp-content\/uploads\/2024\/11\/image-6-768x306.png 768w\" sizes=\"auto, (max-width: 945px) 100vw, 945px\" \/><\/figure><div class=\"wp-block-media-text__content\">\n<h2 class=\"wp-block-heading\"><\/h2>\n\n\n\n<p>Typische Reflexionen durch einfachen UV- Filter. Damals 2009 habe ich auch noch so was benutzt.<\/p>\n<\/div><\/div>\n<\/div><\/div>\n\n\n\n<p><\/p>\n","protected":false},"excerpt":{"rendered":"<p>Allgemeines Filter ist ein weites Thema. Braucht man oder braucht man nicht ist die Frage. Aus meinen Erfahrungen habe ich f\u00fcr mich beschlossen JEIN. Und wenn schon ja dann nicht am Filter sparen, es ist ein Teil was in der optischen Achse zum Sensor liegt. Es gibt keine Filter f\u00fcr kleines Geld. Wichtig ist die&hellip;<\/p>\n","protected":false},"author":1,"featured_media":0,"parent":40,"menu_order":0,"comment_status":"closed","ping_status":"closed","template":"","meta":{"footnotes":""},"class_list":["post-522","page","type-page","status-publish","hentry"],"_links":{"self":[{"href":"https:\/\/fotogruppewesel.hobby-site.com\/ubecker\/wp-json\/wp\/v2\/pages\/522","targetHints":{"allow":["GET"]}}],"collection":[{"href":"https:\/\/fotogruppewesel.hobby-site.com\/ubecker\/wp-json\/wp\/v2\/pages"}],"about":[{"href":"https:\/\/fotogruppewesel.hobby-site.com\/ubecker\/wp-json\/wp\/v2\/types\/page"}],"author":[{"embeddable":true,"href":"https:\/\/fotogruppewesel.hobby-site.com\/ubecker\/wp-json\/wp\/v2\/users\/1"}],"replies":[{"embeddable":true,"href":"https:\/\/fotogruppewesel.hobby-site.com\/ubecker\/wp-json\/wp\/v2\/comments?post=522"}],"version-history":[{"count":13,"href":"https:\/\/fotogruppewesel.hobby-site.com\/ubecker\/wp-json\/wp\/v2\/pages\/522\/revisions"}],"predecessor-version":[{"id":567,"href":"https:\/\/fotogruppewesel.hobby-site.com\/ubecker\/wp-json\/wp\/v2\/pages\/522\/revisions\/567"}],"up":[{"embeddable":true,"href":"https:\/\/fotogruppewesel.hobby-site.com\/ubecker\/wp-json\/wp\/v2\/pages\/40"}],"wp:attachment":[{"href":"https:\/\/fotogruppewesel.hobby-site.com\/ubecker\/wp-json\/wp\/v2\/media?parent=522"}],"curies":[{"name":"wp","href":"https:\/\/api.w.org\/{rel}","templated":true}]}}