{"id":2,"date":"2024-10-30T13:00:36","date_gmt":"2024-10-30T12:00:36","guid":{"rendered":"https:\/\/fotogruppewesel.hobby-site.com\/ubecker\/?page_id=2"},"modified":"2026-04-04T12:23:29","modified_gmt":"2026-04-04T10:23:29","slug":"fotogruppe-wesel","status":"publish","type":"page","link":"https:\/\/fotogruppewesel.hobby-site.com\/ubecker\/","title":{"rendered":"FGW Seite"},"content":{"rendered":"\n<div class=\"wp-block-group alignfull\"><div class=\"wp-block-group__inner-container is-layout-flow wp-block-group-is-layout-flow\">\n<h2 class=\"wp-block-heading has-text-align-center\"><\/h2>\n\n\n\n<div class=\"wp-block-columns alignwide has-text-align-center tw-cols-stack-md tw-gutter-large is-layout-flex wp-container-core-columns-is-layout-d0b3c9c8 wp-block-columns-is-layout-flex\">\n<div class=\"wp-block-column is-layout-flow wp-block-column-is-layout-flow\">\n<h3 class=\"wp-block-heading has-text-align-left has-medium-font-size\">Aktuell<\/h3>\n\n\n\n<p class=\"has-text-align-left\">n\u00e4chster Termin: 01.05.2026 17:00Uhr<\/p>\n\n\n\n<p class=\"has-text-align-left\">Fotothema: Federn<\/p>\n\n\n\n<p><\/p>\n\n\n\n<p class=\"has-text-align-left\"><\/p>\n\n\n\n<p class=\"has-text-align-left\">Weitere Themen f\u00fcr nachfolgende Treffen:<\/p>\n\n\n\n<p class=\"has-text-align-left\">Thema f\u00fcr den 05.06.2026 L\u00f6ffel<\/p>\n\n\n\n<p class=\"has-text-align-left\">Thema f\u00fcr den &#8230;<\/p>\n\n\n\n<p>Weitere Themen: &#8230;.<\/p>\n<\/div>\n\n\n\n<div class=\"wp-block-column is-layout-flow wp-block-column-is-layout-flow\">\n<h3 class=\"wp-block-heading has-text-align-left has-medium-font-size\">Adresse<\/h3>\n\n\n\n<p class=\"has-text-align-left\">Gastst\u00e4tte Weseler Kanu Club, Am Yachthafen 3, 46487 Wesel\u00a0 Achtung: Beim parken Parkscheibe nicht vergessen<\/p>\n\n\n\n<p><\/p>\n\n\n\n<p class=\"has-text-align-left\"><\/p>\n\n\n\n<p class=\"has-text-align-left\"><\/p>\n\n\n\n<p class=\"has-text-align-left\">&nbsp;<\/p>\n<\/div>\n\n\n\n<div class=\"wp-block-column is-layout-flow wp-block-column-is-layout-flow\">\n<h3 class=\"wp-block-heading has-text-align-left has-medium-font-size\">Info<\/h3>\n\n\n\n<p class=\"has-text-align-left\">zur Bildbesprechung bitte max. 3 &#8211; 8 Bilder zum Thema in der Gr\u00f6\u00dfe A4 mitbringen, weitere Bilder zum freien Thema k\u00f6nnen auch gezeigt werden. Neuerdings auch auf USB-Stick. (betrachtung am Monitor)<br><\/p>\n<\/div>\n<\/div>\n<\/div><\/div>\n\n\n\n<div class=\"wp-block-group alignwide\"><div class=\"wp-block-group__inner-container is-layout-flow wp-block-group-is-layout-flow\">\n<h5 class=\"wp-block-heading alignwide\">weiteres Aktuelles <\/h5>\n\n\n\n<p class=\"tw-text-wide has-normal-font-size\" style=\"line-height:1.5\"><\/p>\n<\/div><\/div>\n\n\n\n<hr class=\"wp-block-separator alignwide has-alpha-channel-opacity\"\/>\n\n\n\n<div class=\"wp-block-group alignwide\"><div class=\"wp-block-group__inner-container is-layout-flow wp-block-group-is-layout-flow\">\n<p class=\"tw-text-wide has-normal-font-size\" style=\"line-height:1.5\">Einer aus der Gruppe stellt ein Foto (aktuell oder auch \u00e4lter) vor mit Hintergrundinformationen. Warum das Foto, wie ist es entstanden, wie lange hat es gedauert, Einstellungen, Bearbeitung usw. Alles was zu dem Foto geh\u00f6rt. Beim n\u00e4chsten Treffen stellt &#8230; ein entsprechendes Foto vor.<\/p>\n\n\n\n<p class=\"tw-text-wide has-large-font-size\" style=\"line-height:1.5\"><\/p>\n<\/div><\/div>\n\n\n\n<h4 class=\"wp-block-heading has-text-align-center\">Allgemeines<\/h4>\n\n\n\n<p>Gegr\u00fcndet wurde die Fotogruppe am 01.04.2024 (kein Aprilscherz) Wir treffen uns an jedem ersten Freitag im Monat.<\/p>\n\n\n\n<p><\/p>\n","protected":false},"excerpt":{"rendered":"<p>Willkommen bei der Fotogruppe Wesel<\/p>\n","protected":false},"author":1,"featured_media":216,"parent":0,"menu_order":1,"comment_status":"closed","ping_status":"closed","template":"templates\/template-cover.php","meta":{"footnotes":""},"class_list":["post-2","page","type-page","status-publish","has-post-thumbnail","hentry"],"_links":{"self":[{"href":"https:\/\/fotogruppewesel.hobby-site.com\/ubecker\/wp-json\/wp\/v2\/pages\/2","targetHints":{"allow":["GET"]}}],"collection":[{"href":"https:\/\/fotogruppewesel.hobby-site.com\/ubecker\/wp-json\/wp\/v2\/pages"}],"about":[{"href":"https:\/\/fotogruppewesel.hobby-site.com\/ubecker\/wp-json\/wp\/v2\/types\/page"}],"author":[{"embeddable":true,"href":"https:\/\/fotogruppewesel.hobby-site.com\/ubecker\/wp-json\/wp\/v2\/users\/1"}],"replies":[{"embeddable":true,"href":"https:\/\/fotogruppewesel.hobby-site.com\/ubecker\/wp-json\/wp\/v2\/comments?post=2"}],"version-history":[{"count":56,"href":"https:\/\/fotogruppewesel.hobby-site.com\/ubecker\/wp-json\/wp\/v2\/pages\/2\/revisions"}],"predecessor-version":[{"id":1179,"href":"https:\/\/fotogruppewesel.hobby-site.com\/ubecker\/wp-json\/wp\/v2\/pages\/2\/revisions\/1179"}],"wp:featuredmedia":[{"embeddable":true,"href":"https:\/\/fotogruppewesel.hobby-site.com\/ubecker\/wp-json\/wp\/v2\/media\/216"}],"wp:attachment":[{"href":"https:\/\/fotogruppewesel.hobby-site.com\/ubecker\/wp-json\/wp\/v2\/media?parent=2"}],"curies":[{"name":"wp","href":"https:\/\/api.w.org\/{rel}","templated":true}]}}